{"id":46103,"date":"2026-08-31T00:22:08","date_gmt":"2026-08-30T23:22:08","guid":{"rendered":"https:\/\/gopinkish.com\/?post_type=product&#038;p=46103"},"modified":"2026-08-31T02:00:53","modified_gmt":"2026-08-31T01:00:53","slug":"3666057008412","status":"publish","type":"product","link":"https:\/\/gopinkish.com\/fr\/product\/3666057008412\/","title":{"rendered":"Cr\u00e8me de jour raffermissante anti-rides"},"content":{"rendered":"<p style=\"text-align: justify;\">Cr\u00e8me de jour raffermissante \u00e0 la texture agr\u00e9able qui fond sur la peau et la laisse souple sans laisser de film gras. Elle cible les trois signes principaux du manque de fermet\u00e9 : l'apparence des rides, le volume de la peau et la d\u00e9finition des contours du visage. Il offre un teint plus uniforme et plus \u00e9clatant et att\u00e9nue l'apparence des pores avec une utilisation r\u00e9guli\u00e8re (selon la marque). Il convient \u00e0 tous les types de peau et s'utilise chaque matin sur le visage et le cou.<\/p>\n<p><strong>Principaux ingr\u00e9dients et caract\u00e9ristiques<\/strong><\/p>\n<ul>\n<li>Peptide de collag\u00e8ne issu de la biotechnologie pour renforcer le collag\u00e8ne de la peau<\/li>\n<li>La niacinamide pour uniformiser le teint et renforcer l'\u00e9clat de la peau<\/li>\n<li>Huile d'argan bio pour nourrir et hydrater la peau<\/li>\n<li>Sucres d'avoine bio pour un effet tenseur imm\u00e9diat<\/li>\n<li>Extrait de th\u00e9 de Java pour att\u00e9nuer l'aspect des pores<\/li>\n<li>Complexe anti-pollution \u00e0 base d'extraits de Labsana, de Fusellaria et de Farsion blanc<\/li>\n<\/ul>\n<p><strong>Principales caract\u00e9ristiques et avantages<\/strong><\/p>\n<ul>\n<li>Il raffermit la peau et aide \u00e0 redessiner les contours du visage<\/li>\n<li>Il att\u00e9nue l'apparence des rides et procure une sensation de volume<\/li>\n<li>Unifie le teint et renforce son \u00e9clat au quotidien<\/li>\n<li>Contribue \u00e0 prot\u00e9ger contre les effets de la pollution et de la lumi\u00e8re bleue<\/li>\n<li>\u00c0 utiliser chaque matin sur une peau propre du visage et du cou avant le maquillage<\/li>\n<\/ul>\n<p style=\"text-align: center;\">\ud83c\uddec\ud83c\udde7 Cr\u00e8me de jour extra-raffermissante Clarins \u2013 Tous types de peau<\/p>\n<p style=\"text-align: center;\">\ud83c\uddeb\ud83c\uddf7 Cr\u00e8me de jour extra-raffermissante Clarins \u2013 Toutes peaux<\/p>","protected":false},"excerpt":{"rendered":"<p>\u0643\u0631\u064a\u0645 \u0646\u0647\u0627\u0631\u064a \u0645\u0634\u062f\u0651\u062f \u0628\u0642\u0648\u0627\u0645 \u0645\u0631\u064a\u062d \u064a\u0646\u0635\u0647\u0631 \u0639\u0644\u0649 \u0627\u0644\u0628\u0634\u0631\u0629 \u0648\u064a\u062a\u0631\u0643\u0647\u0627 \u0645\u0631\u0646\u0629 \u0645\u0646 \u062f\u0648\u0646 \u0623\u062b\u0631 \u062f\u0647\u0646\u064a. \u064a\u0633\u062a\u0647\u062f\u0641 \u062b\u0644\u0627\u062b \u0639\u0644\u0627\u0645\u0627\u062a \u0623\u0633\u0627\u0633\u064a\u0629 \u0644\u0641\u0642\u062f\u0627\u0646 \u0627\u0644\u062a\u0645\u0627\u0633\u0643 \u0647\u064a \u0645\u0638\u0647\u0631 \u0627\u0644\u062a\u062c\u0627\u0639\u064a\u062f \u0648\u0627\u0645\u062a\u0644\u0627\u0621 \u0627\u0644\u0628\u0634\u0631\u0629 \u0648\u0648\u0636\u0648\u062d \u0643\u0641\u0627\u0641 \u0627\u0644\u0648\u062c\u0647. \u064a\u0645\u0646\u062d \u0644\u0648\u0646\u0627\u064b \u0623\u0643\u062b\u0631 \u062a\u0648\u062d\u0651\u062f\u0627\u064b \u0648\u0625\u0634\u0631\u0627\u0642\u0627\u064b \u0648\u064a\u0642\u0644\u0651\u0644 \u0645\u0638\u0647\u0631 \u0627\u0644\u0645\u0633\u0627\u0645 \u0645\u0639 \u0627\u0644\u0627\u0633\u062a\u0639\u0645\u0627\u0644 \u0627\u0644\u0645\u0646\u062a\u0638\u0645 (\u062d\u0633\u0628 \u0648\u0635\u0641 \u0627\u0644\u0639\u0644\u0627\u0645\u0629). \u064a\u0646\u0627\u0633\u0628 \u062c\u0645\u064a\u0639 \u0623\u0646\u0648\u0627\u0639 \u0627\u0644\u0628\u0634\u0631\u0629 \u0648\u064a\u064f\u0633\u062a\u0639\u0645\u0644 \u0643\u0644 \u0635\u0628\u0627\u062d \u0639\u0644\u0649 \u0627\u0644\u0648\u062c\u0647 \u0648\u0627\u0644\u0631\u0642\u0628\u0629. \u0627\u0644\u0645\u0643\u0648\u0646\u0627\u062a \u0648\u0627\u0644\u062e\u0635\u0627\u0626\u0635 \u0627\u0644\u0631\u0626\u064a\u0633\u064a\u0629 [&hellip;]<\/p>\n","protected":false},"featured_media":46102,"template":"","meta":{"_veltro_stock_type":"supplier","_veltro_stock_type_locked":"yes","_veltro_stock_type_source":"manual","_veltro_stock_type_set_at":"2026-08-31T00:54:26+00:00","_members_access_role":[],"_members_access_error":""},"pwb-brand":[1007],"product_brand":[],"product_cat":[1227,1121],"product_tag":[672,697,684,676,1013,704],"class_list":["post-46103","product","type-product","status-publish","has-post-thumbnail","pwb-brand-clarins","product_cat-face-renew","product_cat-face-moist","product_tag-wrinkles","product_tag-moisturizing","product_tag-restoration","product_tag-lift","product_tag-1013","product_tag-daycream","first","instock","shipping-taxable","purchasable","product-type-variable","has-default-attributes","wvs-archive-product-wrapper"],"brands":[{"id":1007,"name":"Clarins","slug":"clarins"}],"_links":{"self":[{"href":"https:\/\/gopinkish.com\/fr\/wp-json\/wp\/v2\/product\/46103","targetHints":{"allow":["GET"]}}],"collection":[{"href":"https:\/\/gopinkish.com\/fr\/wp-json\/wp\/v2\/product"}],"about":[{"href":"https:\/\/gopinkish.com\/fr\/wp-json\/wp\/v2\/types\/product"}],"wp:featuredmedia":[{"embeddable":true,"href":"https:\/\/gopinkish.com\/fr\/wp-json\/wp\/v2\/media\/46102"}],"wp:attachment":[{"href":"https:\/\/gopinkish.com\/fr\/wp-json\/wp\/v2\/media?parent=46103"}],"wp:term":[{"taxonomy":"pwb-brand","embeddable":true,"href":"https:\/\/gopinkish.com\/fr\/wp-json\/wp\/v2\/pwb-brand?post=46103"},{"taxonomy":"product_brand","embeddable":true,"href":"https:\/\/gopinkish.com\/fr\/wp-json\/wp\/v2\/product_brand?post=46103"},{"taxonomy":"product_cat","embeddable":true,"href":"https:\/\/gopinkish.com\/fr\/wp-json\/wp\/v2\/product_cat?post=46103"},{"taxonomy":"product_tag","embeddable":true,"href":"https:\/\/gopinkish.com\/fr\/wp-json\/wp\/v2\/product_tag?post=46103"}],"curies":[{"name":"wp","href":"https:\/\/api.w.org\/{rel}","templated":true}]}}