{"id":46084,"date":"2026-08-30T23:56:27","date_gmt":"2026-08-30T22:56:27","guid":{"rendered":"https:\/\/gopinkish.com\/?post_type=product&#038;p=46084"},"modified":"2026-08-31T01:59:41","modified_gmt":"2026-08-31T00:59:41","slug":"3380811295268","status":"publish","type":"product","link":"https:\/\/gopinkish.com\/fr\/product\/3380811295268\/","title":{"rendered":"Cr\u00e8me solaire quotidienne pour le visage \u00e0 protection multiple"},"content":{"rendered":"<p style=\"text-align: justify;\">Cr\u00e8me solaire pour le visage \u00e0 la texture fluide ultra-l\u00e9g\u00e8re et non grasse, avec un indice de protection SPF 50 \u00e0 large spectre. Il s'\u00e9tale facilement et p\u00e9n\u00e8tre rapidement pour former un film invisible ; il est incolore malgr\u00e9 la mention \u00ab TRANSLUCENT \u00bb imprim\u00e9e sur l'emballage. Il prot\u00e8ge contre les rayons UVA et UVB, ainsi que contre les effets des radicaux libres et de la pollution, et aide \u00e0 pr\u00e9venir le photovieillissement et les taches brunes caus\u00e9es par le soleil, selon la description de la marque. Il convient \u00e0 tous les types de peau et s\u2019utilise quotidiennement en derni\u00e8re \u00e9tape de la routine de soin du matin.<\/p>\n<p><strong>Principaux ingr\u00e9dients et caract\u00e9ristiques<\/strong><\/p>\n<ul>\n<li>Indice de protection solaire (SPF) 50 \u00e0 large spectre contre les rayons UVA et UVB<\/li>\n<li>Un complexe anti-pollution mis au point par la marque<\/li>\n<li>Des ingr\u00e9dients antioxydants qui contribuent \u00e0 la protection quotidienne<\/li>\n<li>Formule sans huile \u00e0 la texture fluide et l\u00e9g\u00e8re<\/li>\n<li>Teinte transparente, non color\u00e9e<\/li>\n<li>Flacon de 50 ml<\/li>\n<\/ul>\n<p><strong>Principales caract\u00e9ristiques et avantages<\/strong><\/p>\n<ul>\n<li>Protection quotidienne contre les rayons du soleil, les radicaux libres et la pollution, selon les recommandations de la marque<\/li>\n<li>Aide \u00e0 pr\u00e9venir l'apparition de taches brunes caus\u00e9es par le soleil<\/li>\n<li>Pr\u00e9server l'uniformit\u00e9 et l'\u00e9clat du teint<\/li>\n<li>Une texture l\u00e9g\u00e8re qui n'alourdit pas la peau et convient \u00e0 un usage quotidien<\/li>\n<li>\u00c0 appliquer sur le visage et le cou apr\u00e8s la cr\u00e8me hydratante, en derni\u00e8re \u00e9tape le matin.<\/li>\n<li>Il convient de renouveler l'application en cas d'exposition prolong\u00e9e au soleil<\/li>\n<\/ul>\n<p style=\"text-align: center;\">\ud83c\uddec\ud83c\udde7 CLARINS Cr\u00e8me solaire UV 50 Multi-Protection Translucide<\/p>\n<p style=\"text-align: center;\">\ud83c\uddeb\ud83c\uddf7 CLARINS UV 50 \u00c9cran multi-protection translucide<\/p>","protected":false},"excerpt":{"rendered":"<p>\u0648\u0627\u0642\u064d \u0634\u0645\u0633\u064a \u0644\u0644\u0648\u062c\u0647 \u0628\u0642\u0648\u0627\u0645 \u0633\u0627\u0626\u0644 \u0641\u0627\u0626\u0642 \u0627\u0644\u062e\u0641\u0629 \u0648\u062e\u0627\u0644\u064d \u0645\u0646 \u0627\u0644\u0632\u064a\u0648\u062a \u0628\u0639\u0627\u0645\u0644 \u062d\u0645\u0627\u064a\u0629 SPF 50 \u0648\u0627\u0633\u0639 \u0627\u0644\u0637\u064a\u0641. \u064a\u062a\u0648\u0632\u0651\u0639 \u0628\u0633\u0647\u0648\u0644\u0629 \u0648\u064a\u062a\u0634\u0631\u0651\u0628 \u0633\u0631\u064a\u0639\u064b\u0627 \u0644\u064a\u0634\u0643\u0651\u0644 \u0637\u0628\u0642\u0629 \u063a\u064a\u0631 \u0645\u0631\u0626\u064a\u0629\u060c \u0648\u0647\u0648 \u063a\u064a\u0631 \u0645\u0644\u0648\u0651\u0646 \u0631\u063a\u0645 \u0643\u0644\u0645\u0629 TRANSLUCENT \u0627\u0644\u0645\u0637\u0628\u0648\u0639\u0629 \u0639\u0644\u0649 \u0627\u0644\u0639\u0628\u0648\u0629. \u064a\u062d\u0645\u064a \u0645\u0646 \u0627\u0644\u0623\u0634\u0639\u0629 \u0641\u0648\u0642 \u0627\u0644\u0628\u0646\u0641\u0633\u062c\u064a\u0629 UVA \u0648UVB \u0648\u0645\u0646 \u0623\u062b\u0631 \u0627\u0644\u062c\u0630\u0648\u0631 \u0627\u0644\u062d\u0631\u0629 \u0648\u0627\u0644\u062a\u0644\u0648\u0651\u062b \u0648\u064a\u0633\u0627\u0639\u062f \u0639\u0644\u0649 \u0627\u0644\u0648\u0642\u0627\u064a\u0629 \u0645\u0646 \u0627\u0644\u0634\u064a\u062e\u0648\u062e\u0629 \u0627\u0644\u0636\u0648\u0626\u064a\u0629 \u0648\u0627\u0644\u0628\u0642\u0639 \u0627\u0644\u062f\u0627\u0643\u0646\u0629 \u0627\u0644\u0646\u0627\u062a\u062c\u0629 \u0639\u0646 [&hellip;]<\/p>\n","protected":false},"featured_media":46083,"template":"","meta":{"_veltro_stock_type":"supplier","_veltro_stock_type_locked":"yes","_veltro_stock_type_source":"manual","_veltro_stock_type_set_at":"2026-08-31T00:54:26+00:00","_members_access_role":[],"_members_access_error":""},"pwb-brand":[1007],"product_brand":[],"product_cat":[1144],"product_tag":[675,671,704,717],"class_list":["post-46084","product","type-product","status-publish","has-post-thumbnail","pwb-brand-clarins","product_cat-face-sunscreen","product_tag-spots","product_tag-pigmentation","product_tag-daycream","product_tag-717","first","instock","shipping-taxable","purchasable","product-type-variable","has-default-attributes","wvs-archive-product-wrapper"],"brands":[{"id":1007,"name":"Clarins","slug":"clarins"}],"_links":{"self":[{"href":"https:\/\/gopinkish.com\/fr\/wp-json\/wp\/v2\/product\/46084","targetHints":{"allow":["GET"]}}],"collection":[{"href":"https:\/\/gopinkish.com\/fr\/wp-json\/wp\/v2\/product"}],"about":[{"href":"https:\/\/gopinkish.com\/fr\/wp-json\/wp\/v2\/types\/product"}],"wp:featuredmedia":[{"embeddable":true,"href":"https:\/\/gopinkish.com\/fr\/wp-json\/wp\/v2\/media\/46083"}],"wp:attachment":[{"href":"https:\/\/gopinkish.com\/fr\/wp-json\/wp\/v2\/media?parent=46084"}],"wp:term":[{"taxonomy":"pwb-brand","embeddable":true,"href":"https:\/\/gopinkish.com\/fr\/wp-json\/wp\/v2\/pwb-brand?post=46084"},{"taxonomy":"product_brand","embeddable":true,"href":"https:\/\/gopinkish.com\/fr\/wp-json\/wp\/v2\/product_brand?post=46084"},{"taxonomy":"product_cat","embeddable":true,"href":"https:\/\/gopinkish.com\/fr\/wp-json\/wp\/v2\/product_cat?post=46084"},{"taxonomy":"product_tag","embeddable":true,"href":"https:\/\/gopinkish.com\/fr\/wp-json\/wp\/v2\/product_tag?post=46084"}],"curies":[{"name":"wp","href":"https:\/\/api.w.org\/{rel}","templated":true}]}}