{"id":45629,"date":"2026-08-28T01:08:34","date_gmt":"2026-08-28T00:08:34","guid":{"rendered":"https:\/\/gopinkish.com\/?post_type=product&#038;p=45629"},"modified":"2026-08-29T22:40:51","modified_gmt":"2026-08-29T21:40:51","slug":"3282770392791","status":"publish","type":"product","link":"https:\/\/gopinkish.com\/fr\/product\/3282770392791\/","title":{"rendered":"Cr\u00e8me solaire pour les peaux sujettes aux taches pigmentaires"},"content":{"rendered":"<p style=\"text-align: justify;\">Cr\u00e8me solaire \u00e0 indice de protection tr\u00e8s \u00e9lev\u00e9 SPF 50+, sp\u00e9cialement con\u00e7ue pour les peaux sensibles sujettes aux troubles de la pigmentation tels que le m\u00e9laisme, les taches de vieillesse et les taches de rousseur. Il offre une protection \u00e0 large spectre contre les rayons UV-A, ainsi que contre la lumi\u00e8re bleue et les radicaux libres. Il att\u00e9nue l'apparence des taches brunes tout en renfor\u00e7ant la barri\u00e8re protectrice de la peau. \u00c0 utiliser quotidiennement sur le visage et les zones expos\u00e9es au soleil.<\/p>\n<p><strong>Principaux ingr\u00e9dients et caract\u00e9ristiques<\/strong><\/p>\n<ul>\n<li>Filtre TriAsorB \u00e0 large spectre contre les rayons UV-A, UV-B et la lumi\u00e8re bleue<\/li>\n<li>F\u00e9d\u00e9rin pour renforcer la barri\u00e8re cutan\u00e9e (selon la description de la marque)<\/li>\n<li>Le pro-tocoph\u00e9rol en tant qu'antioxydant<\/li>\n<li>Le complexe HMC qui r\u00e9gule la synth\u00e8se de la m\u00e9lanine (selon la description du fabricant)<\/li>\n<li>Indice de protection tr\u00e8s \u00e9lev\u00e9 SPF 50+<\/li>\n<li>Sans parfum et sans octocryl\u00e8ne<\/li>\n<\/ul>\n<p><strong>Principales caract\u00e9ristiques et avantages<\/strong><\/p>\n<ul>\n<li>Protection solaire \u00e9lev\u00e9e pour les peaux sujettes \u00e0 la pigmentation<\/li>\n<li>Contribue \u00e0 r\u00e9duire l'apparition de nouvelles taches brunes<\/li>\n<li>Une hydratation qui dure 8 heures (selon la marque)<\/li>\n<li>Convient aux peaux sensibles et \u00e0 un usage quotidien<\/li>\n<li>Appliquer uniform\u00e9ment le matin sur le visage et les zones expos\u00e9es avant de sortir.<\/li>\n<li>Il faut en remettre en cas d'exposition prolong\u00e9e au soleil, apr\u00e8s la baignade ou en cas de transpiration abondante.<\/li>\n<\/ul>\n<p style=\"text-align: center;\">\ud83c\uddec\ud83c\udde7 Cr\u00e8me solaire AV\u00c8NE SunsiMed Pigment SPF 50+<\/p>\n<p style=\"text-align: center;\">\ud83c\uddeb\ud83c\uddf7 AV\u00c8NE SunsiMed Pigment SPF 50+ Cr\u00e8me solaire pour taches pigmentaires<\/p>","protected":false},"excerpt":{"rendered":"<p>\u0643\u0631\u064a\u0645 \u0648\u0627\u0642\u064d \u0645\u0646 \u0627\u0644\u0634\u0645\u0633 \u0628\u0639\u0627\u0645\u0644 \u062d\u0645\u0627\u064a\u0629 \u0639\u0627\u0644\u064d \u062c\u062f\u0627\u064b SPF 50+\u060c \u0645\u062e\u0635\u0651\u0635 \u0644\u0644\u0628\u0634\u0631\u0629 \u0627\u0644\u062d\u0633\u0627\u0633\u0629 \u0627\u0644\u0645\u0639\u0631\u0651\u0636\u0629 \u0644\u0627\u0636\u0637\u0631\u0627\u0628\u0627\u062a \u0627\u0644\u062a\u0635\u0628\u0651\u063a \u0643\u0627\u0644\u0643\u0644\u0641 \u0648\u0627\u0644\u0628\u0642\u0639 \u0627\u0644\u0639\u0645\u0631\u064a\u0629 \u0648\u0627\u0644\u0646\u0645\u0634. \u064a\u0648\u0641\u0651\u0631 \u062d\u0645\u0627\u064a\u0629 \u0648\u0627\u0633\u0639\u0629 \u0627\u0644\u0637\u064a\u0641 \u0636\u062f \u0627\u0644\u0623\u0634\u0639\u0629 \u0641\u0648\u0642 \u0627\u0644\u0628\u0646\u0641\u0633\u062c\u064a\u0629 \u0623 \u0648\u0628 \u0625\u0636\u0627\u0641\u0629 \u0625\u0644\u0649 \u0627\u0644\u0636\u0648\u0621 \u0627\u0644\u0623\u0632\u0631\u0642 \u0648\u0627\u0644\u062c\u0630\u0648\u0631 \u0627\u0644\u062d\u0631\u0629. \u064a\u0639\u0645\u0644 \u0639\u0644\u0649 \u0627\u0644\u062d\u062f\u0651 \u0645\u0646 \u0638\u0647\u0648\u0631 \u0627\u0644\u0628\u0642\u0639 \u0627\u0644\u062f\u0627\u0643\u0646\u0629 \u0645\u0639 \u062f\u0639\u0645 \u062d\u0627\u062c\u0632 \u0627\u0644\u0628\u0634\u0631\u0629 \u0627\u0644\u0648\u0627\u0642\u064a. \u064a\u064f\u0633\u062a\u0639\u0645\u0644 \u064a\u0648\u0645\u064a\u0627\u064b \u0639\u0644\u0649 \u0627\u0644\u0648\u062c\u0647 \u0648\u0627\u0644\u0645\u0646\u0627\u0637\u0642 \u0627\u0644\u0645\u0643\u0634\u0648\u0641\u0629 \u0644\u0644\u0634\u0645\u0633. [&hellip;]<\/p>\n","protected":false},"featured_media":45628,"template":"","meta":{"_veltro_stock_type":"","_veltro_stock_type_locked":"","_veltro_stock_type_source":"","_veltro_stock_type_set_at":"","_members_access_role":[],"_members_access_error":""},"pwb-brand":[253],"product_brand":[],"product_cat":[1231,1144],"product_tag":[688,675,685,671,717],"class_list":["post-45629","product","type-product","status-publish","has-post-thumbnail","pwb-brand-avene","product_cat-daily-face-care","product_cat-face-sunscreen","product_tag-sensitive","product_tag-spots","product_tag-brightening","product_tag-pigmentation","product_tag-717","first","instock","shipping-taxable","purchasable","product-type-variable","has-default-attributes","wvs-archive-product-wrapper"],"brands":[{"id":253,"name":"Av\u00e8ne","slug":"avene"}],"_links":{"self":[{"href":"https:\/\/gopinkish.com\/fr\/wp-json\/wp\/v2\/product\/45629","targetHints":{"allow":["GET"]}}],"collection":[{"href":"https:\/\/gopinkish.com\/fr\/wp-json\/wp\/v2\/product"}],"about":[{"href":"https:\/\/gopinkish.com\/fr\/wp-json\/wp\/v2\/types\/product"}],"wp:featuredmedia":[{"embeddable":true,"href":"https:\/\/gopinkish.com\/fr\/wp-json\/wp\/v2\/media\/45628"}],"wp:attachment":[{"href":"https:\/\/gopinkish.com\/fr\/wp-json\/wp\/v2\/media?parent=45629"}],"wp:term":[{"taxonomy":"pwb-brand","embeddable":true,"href":"https:\/\/gopinkish.com\/fr\/wp-json\/wp\/v2\/pwb-brand?post=45629"},{"taxonomy":"product_brand","embeddable":true,"href":"https:\/\/gopinkish.com\/fr\/wp-json\/wp\/v2\/product_brand?post=45629"},{"taxonomy":"product_cat","embeddable":true,"href":"https:\/\/gopinkish.com\/fr\/wp-json\/wp\/v2\/product_cat?post=45629"},{"taxonomy":"product_tag","embeddable":true,"href":"https:\/\/gopinkish.com\/fr\/wp-json\/wp\/v2\/product_tag?post=45629"}],"curies":[{"name":"wp","href":"https:\/\/api.w.org\/{rel}","templated":true}]}}